{"id":117,"date":"2024-08-01T10:53:24","date_gmt":"2024-08-01T08:53:24","guid":{"rendered":"https:\/\/www.tilesuite.lu\/?page_id=117"},"modified":"2025-06-09T22:40:33","modified_gmt":"2025-06-09T20:40:33","slug":"service","status":"publish","type":"page","link":"https:\/\/www.tilesuite.lu\/fr\/service\/","title":{"rendered":"Services"},"content":{"rendered":"<section class=\"hero-section section\">\n\n    <div class=\"section-inner page-title\">\n\n        <div class=\"wrapper\">\n\n            <div class=\"grid-row justify-bottom\">\n                <div class=\"col-s1e8\">\n                    \n    <h1 class=\"h3\" aria-label=\"Tilesuite by PCF\">\n                    <span class=\"word-lettering do-anim\">                            Tilesuite by PCF            <\/span>            <\/h1>\n                <\/div>\n                <div class=\"col-s12e24 sm-margin-small\">\n                    \n    <p class=\"h3\" aria-label=\"Pose de carrelage, cr&eacute;pi, travaux de chape, fa&ccedil;ades et plus encore&lt;br \/&gt;\">\n                    <span class=\"word-lettering do-anim\">                            Pose de carrelage, cr\u00e9pi, travaux de chape, fa\u00e7ades et plus encore<br \/>\r\n            <\/span>            <\/p>\n                <\/div>\n            <\/div>\n\n        <\/div>\n\n    <\/div>\n\n    \n        <div class=\"page-title-image\">\n        \n<div class=\"fs-bg fs-bg-1\">\n    \n    <div class=\"fs-bg-el\">\n        <img src=\"https:\/\/www.tilesuite.lu\/wp-content\/uploads\/2024\/09\/about-01.webp\" srcset=\"https:\/\/www.tilesuite.lu\/wp-content\/uploads\/2024\/09\/about-01.webp 1680w, https:\/\/www.tilesuite.lu\/wp-content\/uploads\/2024\/09\/about-01-1440x1077.webp 1440w, https:\/\/www.tilesuite.lu\/wp-content\/uploads\/2024\/09\/about-01-1024x766.webp 1024w, https:\/\/www.tilesuite.lu\/wp-content\/uploads\/2024\/09\/about-01-768x574.webp 768w, https:\/\/www.tilesuite.lu\/wp-content\/uploads\/2024\/09\/about-01-512x383.webp 512w\"  width=\"1920\" height=\"1436\" alt=\"about-01\" decoding=\"async\" loading=\"lazy\" >    <\/div>\n<\/div>\n    <\/div>\n    \n    \n<\/section>\n\n\n\n\n<section class=\"service-details-section section\">\n\n    <div class=\"section-inner\">\n\n        <div class=\"wrapper\">\n\n            <div class=\"grid-row\">\n\n                <div class=\"col-s1e6 sm-hide sticky-parent\">\n                    <div class=\"sticky-el\" data-sticky-top=\"160\">\n                        <div class=\"fs-filter\">\n                            <ul class=\"\">\n                            <li class=\"\"><a class=\"scroll-index\" href=\"#\" data-scroll-id=\"1\" data-scroll-name=\"beratung\">Conseil<\/a><\/li><li class=\"\"><a class=\"scroll-index\" href=\"#\" data-scroll-id=\"2\" data-scroll-name=\"planung\">Planification<\/a><\/li><li class=\"\"><a class=\"scroll-index\" href=\"#\" data-scroll-id=\"3\" data-scroll-name=\"raumkonzepte\">Concepts d'espace<\/a><\/li><li class=\"\"><a class=\"scroll-index\" href=\"#\" data-scroll-id=\"4\" data-scroll-name=\"verlegeservice\">Service de pose<\/a><\/li><li class=\"\"><a class=\"scroll-index\" href=\"#\" data-scroll-id=\"5\" data-scroll-name=\"innenputz\">Cr\u00e9pi int\u00e9rieur<\/a><\/li><li class=\"\"><a class=\"scroll-index\" href=\"#\" data-scroll-id=\"6\" data-scroll-name=\"estricharbeiten\">Travaux de chape<\/a><\/li><li class=\"\"><a class=\"scroll-index\" href=\"#\" data-scroll-id=\"7\" data-scroll-name=\"fassaden\">Fa\u00e7ades<\/a><\/li>                            <\/ul>\n                        <\/div>\n                        <div class=\"sticky-col-bottom\">\n                            <p><strong>Contactez-nous pour<br \/>\nune consultation sans engagement.<br \/>\n<\/strong><\/p>\n                                                        <p>\n                                \n<a class=\"btn  btn-simple\" href=\"https:\/\/www.tilesuite.lu\/fr\/contact\/\" target=\"\" >\n    <span class=\"btn-text\">\n        <span>Prendre contact<\/span>\n        <span>Prendre contact<\/span>\n    <\/span>\n        <span class=\"btn-icon\"><svg xmlns=\"http:\/\/www.w3.org\/2000\/svg\" version=\"1.1\" viewbox=\"0 0 180.8 180.6\" fill=\"currentColor\">\n  <polygon points=\"177.8 90.1 177.1 89.7 88 .7 88 26.7 142.5 81.2 2 81.2 2 99.6 142.3 99.6 88 152.1 88 178.2 177.8 90.4 177.6 90.2 177.8 90.1\"\/>\n<\/svg><\/span>\n    <\/a>                            <\/p>\n                                                    <\/div>\n                    <\/div>\n                <\/div>\n\n                <div class=\"col-s12e24 service-detail-container\">\n\n                    \n\t<div class=\"service-detail-item scroll-index-rel\" data-scroll-id=\"1\">\n\t\t\n    <h2 class=\"h3 service-detail-intro\" aria-label=\"Nous vous conseillons personnellement et individuellement\">\n                                                Nous vous conseillons personnellement et individuellement                        <\/h2>\n\t\t            \n\n\n    <div class=\"fs-gallery\">\n                <div class=\"w-12 fs-gallery-item\">\n            \n<div class=\"fs-media fs-media-ratio-4-3\">\n    <div class=\"fs-media-item\">\n        <div class=\"fs-media-item-inner\">\n            <img src=\"https:\/\/www.tilesuite.lu\/wp-content\/uploads\/2024\/08\/gabrielle-henderson-HJckKnwCXxQ.webp\" srcset=\"https:\/\/www.tilesuite.lu\/wp-content\/uploads\/2024\/08\/gabrielle-henderson-HJckKnwCXxQ.webp 1440w, https:\/\/www.tilesuite.lu\/wp-content\/uploads\/2024\/08\/gabrielle-henderson-HJckKnwCXxQ-1024x719.webp 1024w, https:\/\/www.tilesuite.lu\/wp-content\/uploads\/2024\/08\/gabrielle-henderson-HJckKnwCXxQ-768x539.webp 768w, https:\/\/www.tilesuite.lu\/wp-content\/uploads\/2024\/08\/gabrielle-henderson-HJckKnwCXxQ-512x359.webp 512w\"  width=\"1200\" height=\"842\" alt=\"gabrielle-henderson-HJckKnwCXxQ\" decoding=\"async\" loading=\"lazy\" >        <\/div>\n    <\/div>\n<\/div>\n        <\/div>\n            <\/div>\n\n        \n\n        \t\t<div class=\"service-detail-text\">\n\t\t\t\n    <p class=\"h6\" aria-label=\"Votre satisfaction avant tout\">\n        <strong>                                        Votre satisfaction avant tout                    <\/strong>    <\/p>\n<p>Notre objectif est de transformer vos id\u00e9es et vos souhaits en r\u00e9alit\u00e9 et de vous assister au mieux lors de l'achat de carreaux ainsi que lors de la planification et de la r\u00e9alisation de vos projets. Nous prenons le temps de vous \u00e9couter et de r\u00e9pondre \u00e0 vos souhaits individuels. Au cours d'entretiens approfondis, nous d\u00e9terminons les meilleures solutions, celles qui conviennent \u00e0 la fois \u00e0 votre style et \u00e0 votre budget.<\/p>\n\n    <p class=\"h6\" aria-label=\"Visualisation en 3D&lt;br \/&gt;\">\n        <strong>                                        Visualisation en 3D<br \/>\r\n                    <\/strong>    <\/p>\n<p>Pour vous donner une id\u00e9e claire de l'aspect de vos pi\u00e8ces apr\u00e8s la r\u00e9alisation, nous vous proposons volontiers une visualisation professionnelle en 3D de votre salle de bains lors de l'achat de carreaux. Vous pouvez ainsi prendre vos d\u00e9cisions en toute confiance.<\/p>\n\t\t<\/div>\n\t<\/div>\n\t<div class=\"service-detail-item scroll-index-rel\" data-scroll-id=\"2\">\n\t\t\n    <h2 class=\"h3 service-detail-intro\" aria-label=\"Une planification bien pens\u00e9e pour des projets r\u00e9ussis\">\n                                                Une planification bien pens\u00e9e pour des projets r\u00e9ussis                        <\/h2>\n\t\t            \n\n\n    <div class=\"fs-gallery\">\n                <div class=\"w-6 fs-gallery-item\">\n            \n<div class=\"fs-media fs-media-ratio-4-3\">\n    <div class=\"fs-media-item\">\n        <div class=\"fs-media-item-inner\">\n            <img src=\"https:\/\/www.tilesuite.lu\/wp-content\/uploads\/2024\/08\/planung-01.webp\" srcset=\"https:\/\/www.tilesuite.lu\/wp-content\/uploads\/2024\/08\/planung-01.webp 1024w, https:\/\/www.tilesuite.lu\/wp-content\/uploads\/2024\/08\/planung-01-768x768.webp 768w, https:\/\/www.tilesuite.lu\/wp-content\/uploads\/2024\/08\/planung-01-512x512.webp 512w\"  width=\"1024\" height=\"1024\" alt=\"planification-01\" decoding=\"async\" loading=\"lazy\" >        <\/div>\n    <\/div>\n<\/div>\n        <\/div>\n                <div class=\"w-6 fs-gallery-item\">\n            \n<div class=\"fs-media fs-media-ratio-4-3\">\n    <div class=\"fs-media-item\">\n        <div class=\"fs-media-item-inner\">\n            <img src=\"https:\/\/www.tilesuite.lu\/wp-content\/uploads\/2024\/08\/Bad-Vegers-1--1024x698.webp\" srcset=\"https:\/\/www.tilesuite.lu\/wp-content\/uploads\/2024\/08\/Bad-Vegers-1--1024x698.webp 1024w, https:\/\/www.tilesuite.lu\/wp-content\/uploads\/2024\/08\/Bad-Vegers-1--768x524.webp 768w, https:\/\/www.tilesuite.lu\/wp-content\/uploads\/2024\/08\/Bad-Vegers-1--512x349.webp 512w\"  width=\"1024\" height=\"698\" alt=\"Bains de Vegers 1\" decoding=\"async\" loading=\"lazy\" >        <\/div>\n    <\/div>\n<\/div>\n        <\/div>\n            <\/div>\n\n        \n\n        \t\t<div class=\"service-detail-text\">\n\t\t\t<p>Que ce soit pour l'achat de <a href=\"https:\/\/www.tilesuite.lu\/fr\/produit\/carrelage\/\">Carreaux de sol<\/a>, <a href=\"https:\/\/www.tilesuite.lu\/fr\/produit\/carrelage-xxl\/\">Carreaux XXL<\/a>, <a href=\"https:\/\/www.tilesuite.lu\/fr\/produit\/carrelage-salle-de-bain\/\">Carreaux de salle de bain<\/a> ou <a href=\"https:\/\/www.tilesuite.lu\/fr\/produit\/outdoor\/\">Carreaux de terrasse<\/a> - notre pr\u00e9cision et notre engagement pour une qualit\u00e9 sup\u00e9rieure font de nous le partenaire id\u00e9al pour la planification de vos projets. Faites vous aussi confiance \u00e0 notre expertise et \u00e0 notre exp\u00e9rience pour faire de vos visions une r\u00e9alit\u00e9 lorsque vous achetez du carrelage.<\/p>\n\t\t<\/div>\n\t<\/div>\n\t<div class=\"service-detail-item scroll-index-rel\" data-scroll-id=\"3\">\n\t\t\n    <h2 class=\"h3 service-detail-intro\" aria-label=\"Un design d&#039;int\u00e9rieur qui refl\u00e8te votre style personnel\">\n                                                Un design d'int\u00e9rieur qui refl\u00e8te votre style personnel                        <\/h2>\n\t\t            \n\n\n    <div class=\"fs-gallery\">\n                <div class=\"w-12 fs-gallery-item\">\n            \n<div class=\"fs-media fs-media-ratio-4-3\">\n    <div class=\"fs-media-item\">\n        <div class=\"fs-media-item-inner\">\n            <img src=\"https:\/\/www.tilesuite.lu\/wp-content\/uploads\/2024\/08\/P.AMB_.002038-1440x1080.webp\" srcset=\"https:\/\/www.tilesuite.lu\/wp-content\/uploads\/2024\/08\/P.AMB_.002038-1440x1080.webp 1440w, https:\/\/www.tilesuite.lu\/wp-content\/uploads\/2024\/08\/P.AMB_.002038-1024x768.webp 1024w, https:\/\/www.tilesuite.lu\/wp-content\/uploads\/2024\/08\/P.AMB_.002038-768x576.webp 768w, https:\/\/www.tilesuite.lu\/wp-content\/uploads\/2024\/08\/P.AMB_.002038-512x384.webp 512w\"  width=\"1440\" height=\"1080\" alt=\"P.AMB.002038\" decoding=\"async\" loading=\"lazy\" >        <\/div>\n    <\/div>\n<\/div>\n        <\/div>\n            <\/div>\n\n        \n\n        \t\t<div class=\"service-detail-text\">\n\t\t\t\n    <h3 class=\"h6\" aria-label=\"Planification et conception de salles de bains&lt;br \/&gt;\">\n        <strong>                                        Planification et conception de salles de bains<br \/>\r\n                    <\/strong>    <\/h3>\n<p>Ensemble, nous transformons les espaces en mondes de vie bien pens\u00e9s, qui enthousiasment \u00e0 tous points de vue. Actuellement, nos concepts d'espace se concentrent sur la planification et la conception de salles de bains. Nous y d\u00e9veloppons des solutions individuelles qui convainquent tant sur le plan fonctionnel qu'esth\u00e9tique et qui sont parfaitement adapt\u00e9es \u00e0 vos besoins.<\/p>\n<p>Nous accordons une attention particuli\u00e8re \u00e0 la combinaison harmonieuse des exigences esth\u00e9tiques et pratiques. Cela implique \u00e9galement des propositions r\u00e9fl\u00e9chies d'\u00e9l\u00e9ments d\u00e9coratifs afin de pouvoir r\u00e9aliser vos visions une \u00e0 une.<\/p>\n\n    <h3 class=\"h6\" aria-label=\"Nous donnons vie &agrave; des concepts d&#039;espace&lt;br \/&gt;\">\n        <strong>                                        Nous donnons vie \u00e0 des concepts d'espace<br \/>\r\n                    <\/strong>    <\/h3>\n<p>Gr\u00e2ce \u00e0 notre expertise diversifi\u00e9e dans diff\u00e9rents corps de m\u00e9tier, nous sommes en mesure de proposer une partie des travaux par un seul et m\u00eame prestataire. Ainsi, avec nos carreleurs, nos chapistes et nos pl\u00e2triers, nous organisons la phase de construction pour les ma\u00eetres d'ouvrage de la mani\u00e8re la plus efficace et la moins stressante possible, sans avoir recours \u00e0 de longues concertations inutiles. Il est important de souligner que nous n'assumons pas la direction des travaux pour les autres corps de m\u00e9tier, mais que nous mettons \u00e0 disposition les plans et les documents n\u00e9cessaires.<\/p>\n\t\t<\/div>\n\t<\/div>\n\t<div class=\"service-detail-item scroll-index-rel\" data-scroll-id=\"4\">\n\t\t\n    <h2 class=\"h3 service-detail-intro\" aria-label=\"Vos carreleurs pour Weiswampach et la r\u00e9gion\">\n                                                Vos carreleurs pour Weiswampach et la r\u00e9gion                        <\/h2>\n\t\t            \n\n\n    <div class=\"fs-gallery\">\n                <div class=\"w-6 fs-gallery-item\">\n            \n<div class=\"fs-media fs-media-ratio-4-3\">\n    <div class=\"fs-media-item\">\n        <div class=\"fs-media-item-inner\">\n            <img src=\"https:\/\/www.tilesuite.lu\/wp-content\/uploads\/2024\/08\/verlegen-01-1024x683.webp\" srcset=\"https:\/\/www.tilesuite.lu\/wp-content\/uploads\/2024\/08\/verlegen-01-1024x683.webp 1024w, https:\/\/www.tilesuite.lu\/wp-content\/uploads\/2024\/08\/verlegen-01-768x512.webp 768w, https:\/\/www.tilesuite.lu\/wp-content\/uploads\/2024\/08\/verlegen-01-512x341.webp 512w\"  width=\"1024\" height=\"683\" alt=\"\u00e9diter-01\" decoding=\"async\" loading=\"lazy\" >        <\/div>\n    <\/div>\n<\/div>\n        <\/div>\n                <div class=\"w-6 fs-gallery-item\">\n            \n<div class=\"fs-media fs-media-ratio-4-3\">\n    <div class=\"fs-media-item\">\n        <div class=\"fs-media-item-inner\">\n            <img src=\"https:\/\/www.tilesuite.lu\/wp-content\/uploads\/2024\/09\/borgogneperigieux.webp\" srcset=\"https:\/\/www.tilesuite.lu\/wp-content\/uploads\/2024\/09\/borgogneperigieux.webp 1024w, https:\/\/www.tilesuite.lu\/wp-content\/uploads\/2024\/09\/borgogneperigieux-768x768.webp 768w, https:\/\/www.tilesuite.lu\/wp-content\/uploads\/2024\/09\/borgogneperigieux-512x512.webp 512w\"  width=\"1024\" height=\"1024\" alt=\"borgogneperigieux\" decoding=\"async\" loading=\"lazy\" >        <\/div>\n    <\/div>\n<\/div>\n        <\/div>\n            <\/div>\n\n        \n\n        \t\t<div class=\"service-detail-text\">\n\t\t\t<p>Lors de la pose de carreaux, il est particuli\u00e8rement important de travailler avec pr\u00e9cision et de faire attention aux lignes afin de cr\u00e9er un aspect coh\u00e9rent. Nos carreleurs exp\u00e9riment\u00e9s connaissent les subtilit\u00e9s qui font la diff\u00e9rence et sont de v\u00e9ritables experts dans le domaine de la pose de carreaux. Gr\u00e2ce \u00e0 des formations continues, nos sp\u00e9cialistes connaissent \u00e9galement les techniques de pose modernes et peuvent poser des carreaux de format XXL avec pr\u00e9cision et dans les r\u00e8gles de l'art.<\/p>\n<p>Nous proposons nos services pour les carreaux de mur et de sol, les terrasses, les pierres naturelles ainsi que pour les dalles de grand format et les posons chez les particuliers, dans les entreprises et les institutions publiques. Dans ce cadre, nous vous conseillons \u00e9galement en mati\u00e8re de structure de sol et planifions ensemble la pose optimale des carreaux selon vos souhaits.<br \/>\nTilesuite - votre carreleur exp\u00e9riment\u00e9 pr\u00e8s de chez vous !<\/p>\n\t\t<\/div>\n\t<\/div>\n\t<div class=\"service-detail-item scroll-index-rel\" data-scroll-id=\"5\">\n\t\t\n    <h2 class=\"h3 service-detail-intro\" aria-label=\"Cr\u00e9pi int\u00e9rieur - plus qu&#039;une nouvelle surface murale\">\n                                                Cr\u00e9pi int\u00e9rieur - plus qu'une nouvelle surface murale                        <\/h2>\n\t\t            \n\n\n    <div class=\"fs-gallery\">\n                <div class=\"w-12 fs-gallery-item\">\n            \n<div class=\"fs-media fs-media-ratio-4-3\">\n    <div class=\"fs-media-item\">\n        <div class=\"fs-media-item-inner\">\n            <img src=\"https:\/\/www.tilesuite.lu\/wp-content\/uploads\/2024\/08\/verputzen-01.webp\" srcset=\"https:\/\/www.tilesuite.lu\/wp-content\/uploads\/2024\/08\/verputzen-01.webp 1440w, https:\/\/www.tilesuite.lu\/wp-content\/uploads\/2024\/08\/verputzen-01-1024x1024.webp 1024w, https:\/\/www.tilesuite.lu\/wp-content\/uploads\/2024\/08\/verputzen-01-768x768.webp 768w, https:\/\/www.tilesuite.lu\/wp-content\/uploads\/2024\/08\/verputzen-01-512x512.webp 512w\"  width=\"1280\" height=\"1280\" alt=\"cr\u00e9pir-01\" decoding=\"async\" loading=\"lazy\" >        <\/div>\n    <\/div>\n<\/div>\n        <\/div>\n            <\/div>\n\n        \n\n        \t\t<div class=\"service-detail-text\">\n\t\t\t<p>Des surfaces lisses pour un look moderne ou des enduits structur\u00e9s charmants pour une ambiance chaleureuse : En mati\u00e8re d'enduit int\u00e9rieur, nous misons sur des techniques modernes et des mat\u00e9riaux de qualit\u00e9 pour que vos murs ne soient pas seulement esth\u00e9tiques, mais aussi durables. Nos pl\u00e2triers s'occupent de chaque d\u00e9tail pour que vous soyez enti\u00e8rement satisfait du r\u00e9sultat.<\/p>\n\t\t<\/div>\n\t<\/div>\n\t<div class=\"service-detail-item scroll-index-rel\" data-scroll-id=\"6\">\n\t\t\n    <h2 class=\"h3 service-detail-intro\" aria-label=\"Travaux de chape - des supports stables pour des sols modernes&lt;br \/&gt;\">\n                                                Travaux de chape - des supports stables pour des sols modernes<br \/>\r\n                        <\/h2>\n\t\t            \n\n\n    <div class=\"fs-gallery\">\n                <div class=\"w-12 fs-gallery-item\">\n            \n<div class=\"fs-media fs-media-ratio-4-3\">\n    <div class=\"fs-media-item\">\n        <div class=\"fs-media-item-inner\">\n            <img src=\"https:\/\/www.tilesuite.lu\/wp-content\/uploads\/2024\/08\/estrich-01.webp\" srcset=\"https:\/\/www.tilesuite.lu\/wp-content\/uploads\/2024\/08\/estrich-01.webp 1440w, https:\/\/www.tilesuite.lu\/wp-content\/uploads\/2024\/08\/estrich-01-1024x614.webp 1024w, https:\/\/www.tilesuite.lu\/wp-content\/uploads\/2024\/08\/estrich-01-768x461.webp 768w, https:\/\/www.tilesuite.lu\/wp-content\/uploads\/2024\/08\/estrich-01-512x307.webp 512w\"  width=\"1250\" height=\"750\" alt=\"estrich-01\" decoding=\"async\" loading=\"lazy\" >        <\/div>\n    <\/div>\n<\/div>\n        <\/div>\n            <\/div>\n\n        \n\n        \t\t<div class=\"service-detail-text\">\n\t\t\t<p>De la premi\u00e8re mesure \u00e0 la couche finale : avec nous, vous pouvez \u00eatre s\u00fbr que vos travaux de chape seront r\u00e9alis\u00e9s rapidement, proprement et avec la plus grande qualit\u00e9.  C'est pourquoi nos chapistes accordent eux aussi une grande importance au soin et \u00e0 la fiabilit\u00e9, afin de garantir que votre sol ne soit pas seulement plat, mais aussi durable.<\/p>\n\t\t<\/div>\n\t<\/div>\n\t<div class=\"service-detail-item scroll-index-rel\" data-scroll-id=\"7\">\n\t\t\n    <h2 class=\"h3 service-detail-intro\" aria-label=\"Des fa&ccedil;adiers qui ont le sens du d&eacute;tail&lt;br \/&gt;\">\n                                                Des fa\u00e7adiers qui ont le sens du d\u00e9tail<br \/>\r\n                        <\/h2>\n\t\t            \n\n\n    <div class=\"fs-gallery\">\n                <div class=\"w-6 fs-gallery-item\">\n            \n<div class=\"fs-media fs-media-ratio-4-3\">\n    <div class=\"fs-media-item\">\n        <div class=\"fs-media-item-inner\">\n            <img src=\"https:\/\/www.tilesuite.lu\/wp-content\/uploads\/2024\/08\/47614_2400x1600_W2400xH0-1024x683.webp\" srcset=\"https:\/\/www.tilesuite.lu\/wp-content\/uploads\/2024\/08\/47614_2400x1600_W2400xH0-1024x683.webp 1024w, https:\/\/www.tilesuite.lu\/wp-content\/uploads\/2024\/08\/47614_2400x1600_W2400xH0-768x512.webp 768w, https:\/\/www.tilesuite.lu\/wp-content\/uploads\/2024\/08\/47614_2400x1600_W2400xH0-512x341.webp 512w\"  width=\"1024\" height=\"683\" alt=\"47614_2400x1600_W2400xH0\" decoding=\"async\" loading=\"lazy\" >        <\/div>\n    <\/div>\n<\/div>\n        <\/div>\n                <div class=\"w-6 fs-gallery-item\">\n            \n<div class=\"fs-media fs-media-ratio-4-3\">\n    <div class=\"fs-media-item\">\n        <div class=\"fs-media-item-inner\">\n            <img src=\"https:\/\/www.tilesuite.lu\/wp-content\/uploads\/2024\/08\/foto-thomas-de-bruyne-keerbergendemot-2-Kopie-1024x683.webp\" srcset=\"https:\/\/www.tilesuite.lu\/wp-content\/uploads\/2024\/08\/foto-thomas-de-bruyne-keerbergendemot-2-Kopie-1024x683.webp 1024w, https:\/\/www.tilesuite.lu\/wp-content\/uploads\/2024\/08\/foto-thomas-de-bruyne-keerbergendemot-2-Kopie-768x512.webp 768w, https:\/\/www.tilesuite.lu\/wp-content\/uploads\/2024\/08\/foto-thomas-de-bruyne-keerbergendemot-2-Kopie-512x341.webp 512w\"  width=\"1024\" height=\"683\" alt=\"photo-thomas-de-bruyne-keerbergendemot-2 copie\" decoding=\"async\" loading=\"lazy\" >        <\/div>\n    <\/div>\n<\/div>\n        <\/div>\n            <\/div>\n\n        \n\n        \t\t<div class=\"service-detail-text\">\n\t\t\t<p>Des solutions de fa\u00e7ade de haute qualit\u00e9 gr\u00e2ce \u00e0 des connaissances techniques et des ann\u00e9es d'exp\u00e9rience : il y a beaucoup de choses \u00e0 prendre en compte lors de la r\u00e9alisation d'une fa\u00e7ade. Pour obtenir un r\u00e9sultat parfait et surtout durable, le constructeur de fa\u00e7ades doit conna\u00eetre et pouvoir mettre en \u0153uvre tous les d\u00e9tails techniques. Nous disposons de ce savoir-faire technique afin de pouvoir proposer la solution id\u00e9ale pour toutes les exigences. Pour ce faire, nous nous perfectionnons en permanence, que ce soit pour les fa\u00e7ades isolantes, les simples fa\u00e7ades en cr\u00e9pi, <a href=\"https:\/\/www.tilesuite.lu\/fr\/produit\/briques-de-parement\/\">Fa\u00e7ades en briques<\/a> ou des fa\u00e7ades ventil\u00e9es avec des carreaux ou des dalles.<\/p>\n<p>Notre fournisseur de produits, par l'interm\u00e9diaire duquel nous n'achetons que les mat\u00e9riaux de la plus haute qualit\u00e9, est \u00e9galement \u00e0 nos c\u00f4t\u00e9s pour nous donner des conseils techniques, de sorte que m\u00eame les d\u00e9tails complexes et rares puissent \u00eatre r\u00e9alis\u00e9s dans toutes les r\u00e8gles de l'art.<\/p>\n\t\t<\/div>\n\t<\/div>                \n                <\/div>\n                \n            <\/div>\n\n        <\/div>\n\n    <\/div>\n\n<\/section>","protected":false},"excerpt":{"rendered":"","protected":false},"author":1,"featured_media":0,"parent":0,"menu_order":0,"comment_status":"closed","ping_status":"closed","template":"","meta":{"_acf_changed":false,"footnotes":""},"class_list":["post-117","page","type-page","status-publish","hentry"],"acf":[],"_links":{"self":[{"href":"https:\/\/www.tilesuite.lu\/fr\/wp-json\/wp\/v2\/pages\/117","targetHints":{"allow":["GET"]}}],"collection":[{"href":"https:\/\/www.tilesuite.lu\/fr\/wp-json\/wp\/v2\/pages"}],"about":[{"href":"https:\/\/www.tilesuite.lu\/fr\/wp-json\/wp\/v2\/types\/page"}],"author":[{"embeddable":true,"href":"https:\/\/www.tilesuite.lu\/fr\/wp-json\/wp\/v2\/users\/1"}],"replies":[{"embeddable":true,"href":"https:\/\/www.tilesuite.lu\/fr\/wp-json\/wp\/v2\/comments?post=117"}],"version-history":[{"count":33,"href":"https:\/\/www.tilesuite.lu\/fr\/wp-json\/wp\/v2\/pages\/117\/revisions"}],"predecessor-version":[{"id":940,"href":"https:\/\/www.tilesuite.lu\/fr\/wp-json\/wp\/v2\/pages\/117\/revisions\/940"}],"wp:attachment":[{"href":"https:\/\/www.tilesuite.lu\/fr\/wp-json\/wp\/v2\/media?parent=117"}],"curies":[{"name":"wp","href":"https:\/\/api.w.org\/{rel}","templated":true}]}}